{"id":31483,"date":"2025-04-24T17:05:18","date_gmt":"2025-04-24T15:05:18","guid":{"rendered":"https:\/\/montdebaulmes.com\/?page_id=31483"},"modified":"2026-04-22T17:31:03","modified_gmt":"2026-04-22T15:31:03","slug":"wanderung","status":"publish","type":"page","link":"https:\/\/montdebaulmes.com\/de\/wanderung\/","title":{"rendered":"Wanderung"},"content":{"rendered":"<p>[et_pb_section fb_built=&#8220;1&#8243; _builder_version=&#8220;4.27.4&#8243; _module_preset=&#8220;default&#8220; background_color=&#8220;#badcff&#8220; custom_margin=&#8220;10px|10px|10px|10px|true|true&#8220; custom_padding=&#8220;0px|0px|0px|0px|true|true&#8220; locked=&#8220;off&#8220; global_colors_info=&#8220;{}&#8220;][et_pb_row column_structure=&#8220;1_2,1_2&#8243; use_custom_gutter=&#8220;on&#8220; make_equal=&#8220;on&#8220; _builder_version=&#8220;4.27.4&#8243; _module_preset=&#8220;default&#8220; width=&#8220;100%&#8220; max_width=&#8220;85%&#8220; custom_margin=&#8220;||||false|false&#8220; custom_padding=&#8220;||||true|true&#8220; animation_style=&#8220;fade&#8220; custom_css_main_element=&#8220;align-items : center;&#8220; global_colors_info=&#8220;{}&#8220;][et_pb_column type=&#8220;1_2&#8243; _builder_version=&#8220;4.27.4&#8243; _module_preset=&#8220;default&#8220; global_colors_info=&#8220;{}&#8220;][et_pb_code _builder_version=&#8220;4.27.4&#8243; _module_preset=&#8220;default&#8220; global_colors_info=&#8220;{}&#8220;]<iframe loading=\"lazy\" src=\"https:\/\/www.google.com\/maps\/d\/u\/0\/embed?mid=1c7aE0im85Hc4vqe1r0yf2VAVrQkfAJI&#038;ehbc=2E312F&#038;noprof=1\" width=\"640\" height=\"480\"><\/iframe>[\/et_pb_code][\/et_pb_column][et_pb_column type=&#8220;1_2&#8243; _builder_version=&#8220;4.27.4&#8243; _module_preset=&#8220;default&#8220; global_colors_info=&#8220;{}&#8220;][et_pb_text _builder_version=&#8220;4.27.4&#8243; _module_preset=&#8220;default&#8220; text_font_size=&#8220;16px&#8220; text_line_height=&#8220;1.5em&#8220; global_colors_info=&#8220;{}&#8220;]<\/p>\n<h2><span>Wanderung Gorges de Covatannaz &#8211; Chalet du Mont de<\/span><\/h2>\n<h2><span style=\"font-size: 16px; color: #666666;\"><br \/>Die Schlucht von Covatannaz ist vom 20. April bis zum 26. Juni 2026 wegen Bauarbeiten f\u00fcr Wanderer gesperrt und nicht zug\u00e4nglich.<br \/>Die Wanderung kann von Vuiteboeuf (bergauf) oder von Sainte-Croix (bergab) aus unternommen werden.<\/span><\/h2>\n<p>Der Weg f\u00fchrt \u00fcber Weiden, bevor er in den Wald eintaucht und dann dem Fluss Arnon folgt. Dieser schl\u00e4ngelt sich durch den Grund der Schlucht, die beeindruckende Felsw\u00e4nde gebildet hat. Wasserf\u00e4lle und Stromschnellen folgen aufeinander. An einigen freien Stellen bietet der Weg einen herrlichen Blick auf die Ebene.<\/p>\n<p>Vuiteboeuf und Sainte-Croix sind durch einen Zug mit Panoramablick miteinander verbunden.<\/p>\n<p>Sie haben die M\u00f6glichkeit, den Zug auf dem Hin- oder R\u00fcckweg zu nehmen, wenn Sie den Weg nicht zu Fu\u00df zur\u00fccklegen m\u00f6chten (Zug alle 30 Minuten).<\/p>\n<p>Dauer: 2h10 (Richtung bergauf) \/ 1h35 (Richtung bergab)<\/p>\n<p>Distanz: 5,5 Kms<\/p>\n<p>Min\/Max H\u00f6he: 659 Meter \/ 1284 Meter<\/p>\n<p>H\u00f6henunterschied: +\/- 646 Meter<\/p>\n<p>[\/et_pb_text][\/et_pb_column][\/et_pb_row][et_pb_row _builder_version=&#8220;4.27.4&#8243; _module_preset=&#8220;default&#8220; global_colors_info=&#8220;{}&#8220;][et_pb_column type=&#8220;4_4&#8243; _builder_version=&#8220;4.27.4&#8243; _module_preset=&#8220;default&#8220; global_colors_info=&#8220;{}&#8220;][et_pb_code _builder_version=&#8220;4.27.4&#8243; _module_preset=&#8220;default&#8220; global_colors_info=&#8220;{}&#8220;][\/et_pb_code][\/et_pb_column][\/et_pb_row][\/et_pb_section][et_pb_section fb_built=&#8220;1&#8243; _builder_version=&#8220;4.27.4&#8243; _module_preset=&#8220;default&#8220; background_color=&#8220;#badcff&#8220; custom_margin=&#8220;10px|10px|10px|10px|true|true&#8220; custom_padding=&#8220;0px|0px|0px|0px|true|true&#8220; locked=&#8220;off&#8220; global_colors_info=&#8220;{}&#8220;][et_pb_row column_structure=&#8220;1_2,1_2&#8243; use_custom_gutter=&#8220;on&#8220; make_equal=&#8220;on&#8220; _builder_version=&#8220;4.27.4&#8243; _module_preset=&#8220;default&#8220; width=&#8220;100%&#8220; max_width=&#8220;85%&#8220; custom_margin=&#8220;||||false|false&#8220; custom_padding=&#8220;||||true|true&#8220; animation_style=&#8220;fade&#8220; custom_css_main_element=&#8220;align-items : center;&#8220; global_colors_info=&#8220;{}&#8220;][et_pb_column type=&#8220;1_2&#8243; _builder_version=&#8220;4.27.4&#8243; _module_preset=&#8220;default&#8220; global_colors_info=&#8220;{}&#8220;][et_pb_image src=&#8220;https:\/\/montdebaulmes.com\/wp-content\/uploads\/2025\/04\/Randonnee-Aiguilles-1024&#215;1000.png&#8220; title_text=&#8220;Randonn\u00e9e Aiguilles de Baulmes&#8220; _builder_version=&#8220;4.27.4&#8243; _module_preset=&#8220;default&#8220; global_colors_info=&#8220;{}&#8220;][\/et_pb_image][\/et_pb_column][et_pb_column type=&#8220;1_2&#8243; _builder_version=&#8220;4.27.4&#8243; _module_preset=&#8220;default&#8220; global_colors_info=&#8220;{}&#8220;][et_pb_text _builder_version=&#8220;4.27.4&#8243; _module_preset=&#8220;default&#8220; text_font_size=&#8220;16px&#8220; text_line_height=&#8220;1.5em&#8220; global_colors_info=&#8220;{}&#8220;]<\/p>\n<h2><span>Wanderung zu den Aiguilles de Baulmes<\/span><\/h2>\n<p><span><\/span><\/p>\n<p><span>Die Wanderung beginnt im Dorf Sainte-Croix. <br \/>Schnell erreichen Sie den Wald, f\u00fcr einen Anstieg in Richtung des Chalets Mont de Baulmes, wo Sie sich verpflegen k\u00f6nnen.<\/span><\/p>\n<p><span>Nur wenige Schritte vom Chalet entfernt k\u00f6nnen Sie an der Orientierungstafel das Panorama der Alpen und des Neuenburger- und Genfersees bewundern.<\/span><\/p>\n<p><span>Danach setzen Sie Ihre Route fort, w\u00e4hrend Sie an der Felswand entlanggehen, bis Sie den Gipfel der Nadeln von Baulmes erreichen.<\/span><\/p>\n<p><span>Der R\u00fcckweg f\u00fchrt \u00fcber La Gittaz, bis Sie den Ausgangspunkt im Dorf Sainte-Croix erreichen.<br \/>Sie haben auch die M\u00f6glichkeit, vom Chalet aus zum Gipfel der Nadeln von Baulmes hin und zur\u00fcck zu wandern (ca. 1h45 &#8211; 2h).<\/span><\/p>\n<p><span>Dauer : 3,5 Stunden.<\/span><\/p>\n<p><span>Entfernung : 11 km<\/span><\/p>\n<p><span>Maximale H\u00f6he : 1558 m.<\/span><\/p>\n<p><span>H\u00f6henunterschied : +\/- 673 Meter<\/span><\/p>\n<p>[\/et_pb_text][\/et_pb_column][\/et_pb_row][et_pb_row _builder_version=&#8220;4.27.4&#8243; _module_preset=&#8220;default&#8220; global_colors_info=&#8220;{}&#8220;][et_pb_column type=&#8220;4_4&#8243; _builder_version=&#8220;4.27.4&#8243; _module_preset=&#8220;default&#8220; global_colors_info=&#8220;{}&#8220;][et_pb_code _builder_version=&#8220;4.27.6&#8243; _module_preset=&#8220;default&#8220; global_colors_info=&#8220;{}&#8220;]<!-- Zenchef Widget SDK --><!-- [et_pb_line_break_holder] --><script>;(function (d, s, id) {const el = d.getElementsByTagName(s)[0]; if (d.getElementById(id) || el.parentNode == null) {return;} var js = d.createElement(s);  js.id = id; js.async = true; js.src = 'https:\/\/sdk.zenchef.com\/v1\/sdk.min.js';  el.parentNode.insertBefore(js, el); })(document, 'script', 'zenchef-sdk')<\/script><!-- [et_pb_line_break_holder] --><div<!-- [et_pb_line_break_holder] -->   class=&#8220;zc-widget-config&#8220;<!-- [et_pb_line_break_holder] -->     data-lang=&#8220;de&#8220;<!-- [et_pb_line_break_holder] -->   data-restaurant=&#8220;363974&#8243;><\/div>\n<p><!-- [et_pb_line_break_holder] -->[\/et_pb_code][\/et_pb_column][\/et_pb_row][\/et_pb_section]<\/p>\n","protected":false},"excerpt":{"rendered":"<p>Wanderung Gorges de Covatannaz &#8211; Chalet du Mont de Die Schlucht von Covatannaz ist vom 20. April bis zum 26. Juni 2026 wegen Bauarbeiten f\u00fcr Wanderer gesperrt und nicht zug\u00e4nglich.Die Wanderung kann von Vuiteboeuf (bergauf) oder von Sainte-Croix (bergab) aus unternommen werden. Der Weg f\u00fchrt \u00fcber Weiden, bevor er in den Wald eintaucht und dann [&hellip;]<\/p>\n","protected":false},"author":1,"featured_media":0,"parent":0,"menu_order":0,"comment_status":"closed","ping_status":"closed","template":"","meta":{"_et_pb_use_builder":"on","_et_pb_old_content":"","_et_gb_content_width":"","footnotes":""},"class_list":["post-31483","page","type-page","status-publish","hentry"],"yoast_head":"<!-- This site is optimized with the Yoast SEO plugin v27.5 - https:\/\/yoast.com\/product\/yoast-seo-wordpress\/ -->\n<title>Wanderung - Mont de Baulmes<\/title>\n<meta name=\"robots\" content=\"index, follow, max-snippet:-1, max-video-preview:-1, noimageindex\" \/>\n<link rel=\"canonical\" href=\"https:\/\/montdebaulmes.com\/de\/wanderung\/\" \/>\n<meta property=\"og:locale\" content=\"de_DE\" \/>\n<meta property=\"og:type\" content=\"article\" \/>\n<meta property=\"og:title\" content=\"Wanderung - Mont de Baulmes\" \/>\n<meta property=\"og:description\" content=\"Wanderung Gorges de Covatannaz - Chalet du Mont de Die Schlucht von Covatannaz ist vom 20. April bis zum 26. Juni 2026 wegen Bauarbeiten f\u00fcr Wanderer gesperrt und nicht zug\u00e4nglich.Die Wanderung kann von Vuiteboeuf (bergauf) oder von Sainte-Croix (bergab) aus unternommen werden. Der Weg f\u00fchrt \u00fcber Weiden, bevor er in den Wald eintaucht und dann [&hellip;]\" \/>\n<meta property=\"og:url\" content=\"https:\/\/montdebaulmes.com\/de\/wanderung\/\" \/>\n<meta property=\"og:site_name\" content=\"Mont de Baulmes\" \/>\n<meta property=\"article:publisher\" content=\"https:\/\/facebook.com\/montdebaulmes\" \/>\n<meta property=\"article:modified_time\" content=\"2026-04-22T15:31:03+00:00\" \/>\n<meta name=\"twitter:card\" content=\"summary_large_image\" \/>\n<script type=\"application\/ld+json\" class=\"yoast-schema-graph\">{\"@context\":\"https:\\\/\\\/schema.org\",\"@graph\":[{\"@type\":\"WebPage\",\"@id\":\"https:\\\/\\\/montdebaulmes.com\\\/de\\\/wanderung\\\/\",\"url\":\"https:\\\/\\\/montdebaulmes.com\\\/de\\\/wanderung\\\/\",\"name\":\"Wanderung - Mont de Baulmes\",\"isPartOf\":{\"@id\":\"https:\\\/\\\/montdebaulmes.com\\\/de\\\/#website\"},\"datePublished\":\"2025-04-24T15:05:18+00:00\",\"dateModified\":\"2026-04-22T15:31:03+00:00\",\"breadcrumb\":{\"@id\":\"https:\\\/\\\/montdebaulmes.com\\\/de\\\/wanderung\\\/#breadcrumb\"},\"inLanguage\":\"de\",\"potentialAction\":[{\"@type\":\"ReadAction\",\"target\":[\"https:\\\/\\\/montdebaulmes.com\\\/de\\\/wanderung\\\/\"]}]},{\"@type\":\"BreadcrumbList\",\"@id\":\"https:\\\/\\\/montdebaulmes.com\\\/de\\\/wanderung\\\/#breadcrumb\",\"itemListElement\":[{\"@type\":\"ListItem\",\"position\":1,\"name\":\"Accueil\",\"item\":\"https:\\\/\\\/montdebaulmes.com\\\/de\\\/\"},{\"@type\":\"ListItem\",\"position\":2,\"name\":\"Wanderung\"}]},{\"@type\":\"WebSite\",\"@id\":\"https:\\\/\\\/montdebaulmes.com\\\/de\\\/#website\",\"url\":\"https:\\\/\\\/montdebaulmes.com\\\/de\\\/\",\"name\":\"Mont de Baulmes\",\"description\":\"\",\"publisher\":{\"@id\":\"https:\\\/\\\/montdebaulmes.com\\\/de\\\/#organization\"},\"potentialAction\":[{\"@type\":\"SearchAction\",\"target\":{\"@type\":\"EntryPoint\",\"urlTemplate\":\"https:\\\/\\\/montdebaulmes.com\\\/de\\\/?s={search_term_string}\"},\"query-input\":{\"@type\":\"PropertyValueSpecification\",\"valueRequired\":true,\"valueName\":\"search_term_string\"}}],\"inLanguage\":\"de\"},{\"@type\":\"Organization\",\"@id\":\"https:\\\/\\\/montdebaulmes.com\\\/de\\\/#organization\",\"name\":\"Mont de Baulmes\",\"url\":\"https:\\\/\\\/montdebaulmes.com\\\/de\\\/\",\"logo\":{\"@type\":\"ImageObject\",\"inLanguage\":\"de\",\"@id\":\"https:\\\/\\\/montdebaulmes.com\\\/de\\\/#\\\/schema\\\/logo\\\/image\\\/\",\"url\":\"https:\\\/\\\/i0.wp.com\\\/montdebaulmes.com\\\/wp-content\\\/uploads\\\/2023\\\/05\\\/logo-mdb-avec-infos-et-alt.png?fit=3000%2C3000&ssl=1\",\"contentUrl\":\"https:\\\/\\\/i0.wp.com\\\/montdebaulmes.com\\\/wp-content\\\/uploads\\\/2023\\\/05\\\/logo-mdb-avec-infos-et-alt.png?fit=3000%2C3000&ssl=1\",\"width\":3000,\"height\":3000,\"caption\":\"Mont de Baulmes\"},\"image\":{\"@id\":\"https:\\\/\\\/montdebaulmes.com\\\/de\\\/#\\\/schema\\\/logo\\\/image\\\/\"},\"sameAs\":[\"https:\\\/\\\/facebook.com\\\/montdebaulmes\",\"https:\\\/\\\/instagram.com\\\/montdebaulmes\"]}]}<\/script>\n<!-- \/ Yoast SEO plugin. -->","yoast_head_json":{"title":"Wanderung - Mont de Baulmes","robots":{"index":"index","follow":"follow","max-snippet":"max-snippet:-1","max-video-preview":"max-video-preview:-1","imageindex":"noimageindex"},"canonical":"https:\/\/montdebaulmes.com\/de\/wanderung\/","og_locale":"de_DE","og_type":"article","og_title":"Wanderung - Mont de Baulmes","og_description":"Wanderung Gorges de Covatannaz - Chalet du Mont de Die Schlucht von Covatannaz ist vom 20. April bis zum 26. Juni 2026 wegen Bauarbeiten f\u00fcr Wanderer gesperrt und nicht zug\u00e4nglich.Die Wanderung kann von Vuiteboeuf (bergauf) oder von Sainte-Croix (bergab) aus unternommen werden. Der Weg f\u00fchrt \u00fcber Weiden, bevor er in den Wald eintaucht und dann [&hellip;]","og_url":"https:\/\/montdebaulmes.com\/de\/wanderung\/","og_site_name":"Mont de Baulmes","article_publisher":"https:\/\/facebook.com\/montdebaulmes","article_modified_time":"2026-04-22T15:31:03+00:00","twitter_card":"summary_large_image","schema":{"@context":"https:\/\/schema.org","@graph":[{"@type":"WebPage","@id":"https:\/\/montdebaulmes.com\/de\/wanderung\/","url":"https:\/\/montdebaulmes.com\/de\/wanderung\/","name":"Wanderung - Mont de Baulmes","isPartOf":{"@id":"https:\/\/montdebaulmes.com\/de\/#website"},"datePublished":"2025-04-24T15:05:18+00:00","dateModified":"2026-04-22T15:31:03+00:00","breadcrumb":{"@id":"https:\/\/montdebaulmes.com\/de\/wanderung\/#breadcrumb"},"inLanguage":"de","potentialAction":[{"@type":"ReadAction","target":["https:\/\/montdebaulmes.com\/de\/wanderung\/"]}]},{"@type":"BreadcrumbList","@id":"https:\/\/montdebaulmes.com\/de\/wanderung\/#breadcrumb","itemListElement":[{"@type":"ListItem","position":1,"name":"Accueil","item":"https:\/\/montdebaulmes.com\/de\/"},{"@type":"ListItem","position":2,"name":"Wanderung"}]},{"@type":"WebSite","@id":"https:\/\/montdebaulmes.com\/de\/#website","url":"https:\/\/montdebaulmes.com\/de\/","name":"Mont de Baulmes","description":"","publisher":{"@id":"https:\/\/montdebaulmes.com\/de\/#organization"},"potentialAction":[{"@type":"SearchAction","target":{"@type":"EntryPoint","urlTemplate":"https:\/\/montdebaulmes.com\/de\/?s={search_term_string}"},"query-input":{"@type":"PropertyValueSpecification","valueRequired":true,"valueName":"search_term_string"}}],"inLanguage":"de"},{"@type":"Organization","@id":"https:\/\/montdebaulmes.com\/de\/#organization","name":"Mont de Baulmes","url":"https:\/\/montdebaulmes.com\/de\/","logo":{"@type":"ImageObject","inLanguage":"de","@id":"https:\/\/montdebaulmes.com\/de\/#\/schema\/logo\/image\/","url":"https:\/\/i0.wp.com\/montdebaulmes.com\/wp-content\/uploads\/2023\/05\/logo-mdb-avec-infos-et-alt.png?fit=3000%2C3000&ssl=1","contentUrl":"https:\/\/i0.wp.com\/montdebaulmes.com\/wp-content\/uploads\/2023\/05\/logo-mdb-avec-infos-et-alt.png?fit=3000%2C3000&ssl=1","width":3000,"height":3000,"caption":"Mont de Baulmes"},"image":{"@id":"https:\/\/montdebaulmes.com\/de\/#\/schema\/logo\/image\/"},"sameAs":["https:\/\/facebook.com\/montdebaulmes","https:\/\/instagram.com\/montdebaulmes"]}]}},"jetpack_sharing_enabled":true,"_links":{"self":[{"href":"https:\/\/montdebaulmes.com\/de\/wp-json\/wp\/v2\/pages\/31483","targetHints":{"allow":["GET"]}}],"collection":[{"href":"https:\/\/montdebaulmes.com\/de\/wp-json\/wp\/v2\/pages"}],"about":[{"href":"https:\/\/montdebaulmes.com\/de\/wp-json\/wp\/v2\/types\/page"}],"author":[{"embeddable":true,"href":"https:\/\/montdebaulmes.com\/de\/wp-json\/wp\/v2\/users\/1"}],"replies":[{"embeddable":true,"href":"https:\/\/montdebaulmes.com\/de\/wp-json\/wp\/v2\/comments?post=31483"}],"version-history":[{"count":8,"href":"https:\/\/montdebaulmes.com\/de\/wp-json\/wp\/v2\/pages\/31483\/revisions"}],"predecessor-version":[{"id":32148,"href":"https:\/\/montdebaulmes.com\/de\/wp-json\/wp\/v2\/pages\/31483\/revisions\/32148"}],"wp:attachment":[{"href":"https:\/\/montdebaulmes.com\/de\/wp-json\/wp\/v2\/media?parent=31483"}],"curies":[{"name":"wp","href":"https:\/\/api.w.org\/{rel}","templated":true}]}}